{"id":35,"date":"2023-04-03T20:52:42","date_gmt":"2023-04-03T18:52:42","guid":{"rendered":"https:\/\/istitutobuenosaires.esteri.it\/?page_id=35"},"modified":"2024-07-19T13:20:28","modified_gmt":"2024-07-19T10:20:28","slug":"calendario","status":"publish","type":"page","link":"https:\/\/iicsofia.esteri.it\/it\/gli_eventi\/calendario\/","title":{"rendered":"Eventi in programma"},"content":{"rendered":"        <div class=\"row\">\n\t\t\t<!-- Ricerca sedi post -->\n\t\t\t<div class=\"col-12 mt-4\">\n\t\t\t  <div class=\"callout callout-highlight note ricerca-esteri p-4\">\n                    <div class=\"callout-title\">\n                        <svg class=\"icon\">\n                            <use xlink:href=\"https:\/\/iicsofia.esteri.it\/wp-content\/themes\/sedi-tema\/assets\/svg\/sprites.svg#it-search\"><\/use>\n                        <\/svg>Inserisci i parametri di ricerca                    <\/div>\n                    <form id=\"searchFormPost\" name=\"form-search-post\" class=\"form-row align-items-center\" action=\"https:\/\/iicsofia.esteri.it\/it\/wp-json\/wp\/v2\/pages\/35\/\" method=\"GET\"> \n                        <!-- <div class=\"form-group pt-5\"> -->\n                            <!-- <input type=\"hidden\" id=\"lang\" name=\"lang\" value=\"\"> --> <!-- <\/div> -->\n\n                        <div class=\"it-datepicker-wrapper\">\n                            <div class=\"row\">\n                                <div class=\"form-group col-md-6\">\n                                    <label class=\"active\" for=\"date-init\">Dal<\/label>\n                                    <input class=\"form-control\" name=\"date-init\" id=\"date-init\" type=\"date\" placeholder=\"gg\/mm\/aaaa\" value=\"\"lang=\"en-EN\">  \n                                <\/div>\n                                <div class=\"form-group col-md-6\">\n                                    <label class=\"active\" for=\"date-end\">Al<\/label>\n                                    <input class=\"form-control\" name=\"date-end\" id=\"date-end\" type=\"date\" placeholder=\"gg\/mm\/aaaa\" value=\"\">\n                                <\/div>\n                            <\/div>\n                        <\/div>\n                        <div class=\"form-group col-md-12 mt-3\">\n                            <label for=\"searchText\">Campo ricerca libera<\/label>\n                            <input type=\"text\" name=\"searchText\" class=\"form-control\" id=\"searchText\" value=\"\">\n                        <\/div>\n                        <div class=\"form-group col-md-4 offset-md-8 text-end\">\n                            <a href=\"https:\/\/iicsofia.esteri.it\/it\/gli_eventi\/calendario\/\" title=\"Form reset\" id=\"resetImput\" class=\"btn btn-outline-primary btn-xs\">Reset<\/a>\n                            <button type=\"submit\" class=\"btn btn-primary btn-xs\">Mostra risultati<\/button>\n                        <\/div>\n                    <\/form>\n\t\t\t\t<\/div>\n\t\t\t<\/div>\n\t\t<\/div>\n                    \n            <div class=\"row\">\n                            <div class=\"col-12 mt-3\">\n                <!--start card-->\n                <div class=\"card-wrapper card-space\">\n                    <div class=\"card card-bg card-big border-bottom-card\">\n                        <div class=\"card-body row\">\n                                                    <div class=\"col-sm-3\">\n                                <div class=\"img-responsive\">\n                                    <figure class=\"img-wrapper\">\n                                        <a href=\"https:\/\/iicsofia.esteri.it\/it\/gli_eventi\/calendario\/storie-allimprovviso-progetto-di-laboratorio-teatrale-per-il-liceo-23-frederic-joliot-curie-di-sofia\/\" title=\"Leggi l'articolo: Storie all\u2019improvviso: progetto di laboratorio teatrale per il liceo 23 \u201cFrederic Joliot Curie\u201d di Sofia\">\n                                                                                            <img loading=\"lazy\" decoding=\"async\" width=\"300\" height=\"300\" src=\"https:\/\/iicsofia.esteri.it\/wp-content\/uploads\/2025\/12\/guglielmo-papa-attori-educatori-attrici-formatori-cast-burattigegno-teatro-scuole-biglioteche-laboratori-anteprima-300x300-1.jpg\" srcset=\"https:\/\/iicsofia.esteri.it\/wp-content\/uploads\/2025\/12\/guglielmo-papa-attori-educatori-attrici-formatori-cast-burattigegno-teatro-scuole-biglioteche-laboratori-anteprima-300x300-1.jpg 300w, https:\/\/iicsofia.esteri.it\/wp-content\/uploads\/2025\/12\/guglielmo-papa-attori-educatori-attrici-formatori-cast-burattigegno-teatro-scuole-biglioteche-laboratori-anteprima-300x300-1-150x150.jpg 150w\" sizes=\"auto, (max-width: 300px) 100vw, 300px\"  title=\"guglielmo-papa-attori-educatori-attrici-formatori-cast-burattigegno-teatro-scuole-biglioteche-laboratori-anteprima-300&#215;300\" alt=\"\" class=\"img-fluid\">\n                                                                                    <\/a>\n                                    <\/figure>\n                                <\/div>\n                            <\/div>\n                            <div class=\"col-sm-9\">\n                                                            <div class=\"category-top\">\n                                    <span class=\"fw-bold text-success\">In corso<\/span>                                                                        <span class=\"data\">\n                                        <svg class=\"icon icon-secondary\">\n                                            <use xlink:href=\"https:\/\/iicsofia.esteri.it\/wp-content\/themes\/sedi-tema\/assets\/svg\/sprites.svg#it-calendar\"><\/use>\n                                        <\/svg> Mar 16 Dic 2025<svg class=\"icon icon-xs icon-secondary me-1 ms-1\"><use href=\"https:\/\/iicsofia.esteri.it\/wp-content\/themes\/sedi-tema\/assets\/svg\/sprites.svg#it-arrow-right\"><\/use><\/svg>Mar 30 Giu 2026                                    <\/span>\n                                                                    <\/div>\n                            <h5 class=\"card-title big-heading text-uppercase\"><a class=\"text-body text-decoration-none\" href=\"https:\/\/iicsofia.esteri.it\/it\/gli_eventi\/calendario\/storie-allimprovviso-progetto-di-laboratorio-teatrale-per-il-liceo-23-frederic-joliot-curie-di-sofia\/\" title=\"Storie all\u2019improvviso: progetto di laboratorio teatrale per il liceo 23 \u201cFrederic Joliot Curie\u201d di Sofia\">Storie all\u2019improvviso: progetto di laboratorio teatrale per il liceo 23 \u201cFrederic Joliot Curie\u201d di Sofia<\/a><\/h5>\n                            <p class=\"card-text\">Storie all\u2019improvviso \u00e8 un laboratorio teatrale di improvvisazione pensato per gli alunni delle scuole superiori e realizzato presso il Liceo 23 \u201cFrederic Joliot Curie\u201d di Sofia, a cura del regista \u00a0teatrale Guglielmo Papa. Il progetto propone un percorso creativo ed esperienziale che mette al centro il corpo, la voce e la relazione, offrendo agli studenti [&hellip;]<\/p>\n                                <a title=\"Storie all\u2019improvviso: progetto di laboratorio teatrale per il liceo 23 \u201cFrederic Joliot Curie\u201d di Sofia\" class=\"read-more\" href=\"https:\/\/iicsofia.esteri.it\/it\/gli_eventi\/calendario\/storie-allimprovviso-progetto-di-laboratorio-teatrale-per-il-liceo-23-frederic-joliot-curie-di-sofia\/\">\n                                    <span class=\"text\">Leggi di pi\u00f9<\/span>\n                                    <svg class=\"icon\">\n                                    <use xlink:href=\"https:\/\/iicsofia.esteri.it\/wp-content\/themes\/sedi-tema\/assets\/svg\/sprites.svg#it-arrow-right\"><\/use>\n                                    <\/svg>\n                                <\/a>\n                                                        <\/div>\n                                                    <\/div>\n                    <\/div>\n                <\/div>\n                <!--end card-->\n                <\/div><!-- col-12 .mt-3-->\n                            <div class=\"col-12 mt-3\">\n                <!--start card-->\n                <div class=\"card-wrapper card-space\">\n                    <div class=\"card card-bg card-big border-bottom-card\">\n                        <div class=\"card-body row\">\n                                                    <div class=\"col-sm-3\">\n                                <div class=\"img-responsive\">\n                                    <figure class=\"img-wrapper\">\n                                        <a href=\"https:\/\/iicsofia.esteri.it\/it\/gli_eventi\/calendario\/in-giro-per-siena-mostra-fotografica-in-occasione-del-giro-ditalia-2026-con-partenza-dall-bulgaria\/\" title=\"Leggi l'articolo: \u2018In Giro per Siena\u2019. Mostra fotografica in occasione del Giro d\u2019Italia 2026 con partenza dalla Bulgaria\">\n                                                                                            <img loading=\"lazy\" decoding=\"async\" width=\"300\" height=\"300\" src=\"https:\/\/iicsofia.esteri.it\/wp-content\/uploads\/2026\/04\/collage-per-sito-300x300.png\" srcset=\"https:\/\/iicsofia.esteri.it\/wp-content\/uploads\/2026\/04\/collage-per-sito.png 500w, https:\/\/iicsofia.esteri.it\/wp-content\/uploads\/2026\/04\/collage-per-sito-300x300.png 300w, https:\/\/iicsofia.esteri.it\/wp-content\/uploads\/2026\/04\/collage-per-sito-150x150.png 150w\" sizes=\"auto, (max-width: 500px) 100vw, 500px\"  title=\"collage per sito\" alt=\"\" class=\"img-fluid\">\n                                                                                    <\/a>\n                                    <\/figure>\n                                <\/div>\n                            <\/div>\n                            <div class=\"col-sm-9\">\n                                                            <div class=\"category-top\">\n                                    <span class=\"fw-bold text-success\">In corso<\/span>                                                                        <span class=\"data\">\n                                        <svg class=\"icon icon-secondary\">\n                                            <use xlink:href=\"https:\/\/iicsofia.esteri.it\/wp-content\/themes\/sedi-tema\/assets\/svg\/sprites.svg#it-calendar\"><\/use>\n                                        <\/svg> Gio 30 Apr 2026<svg class=\"icon icon-xs icon-secondary me-1 ms-1\"><use href=\"https:\/\/iicsofia.esteri.it\/wp-content\/themes\/sedi-tema\/assets\/svg\/sprites.svg#it-arrow-right\"><\/use><\/svg>Lun 31 Ago 2026                                    <\/span>\n                                                                    <\/div>\n                            <h5 class=\"card-title big-heading text-uppercase\"><a class=\"text-body text-decoration-none\" href=\"https:\/\/iicsofia.esteri.it\/it\/gli_eventi\/calendario\/in-giro-per-siena-mostra-fotografica-in-occasione-del-giro-ditalia-2026-con-partenza-dall-bulgaria\/\" title=\"\u2018In Giro per Siena\u2019. Mostra fotografica in occasione del Giro d\u2019Italia 2026 con partenza dalla Bulgaria\">\u2018In Giro per Siena\u2019. Mostra fotografica in occasione del Giro d\u2019Italia 2026 con partenza dalla Bulgaria<\/a><\/h5>\n                            <p class=\"card-text\">In occasione della straordinaria partenza del Giro d\u2019Italia 2026 dalla Bulgaria, l\u2019Ambasciata d\u2019Italia a Sofia e l\u2019Istituto Italiano di Cultura presentano la mostra fotografica In Giro per Siena, un progetto espositivo dedicato a Siena, non solo una delle pi\u00f9 celebri citt\u00e0 della Toscana, ma anche una delle tappe pi\u00f9 suggestive del Giro d\u2019Italia 2025. Attraverso [&hellip;]<\/p>\n                                <a title=\"\u2018In Giro per Siena\u2019. Mostra fotografica in occasione del Giro d\u2019Italia 2026 con partenza dalla Bulgaria\" class=\"read-more\" href=\"https:\/\/iicsofia.esteri.it\/it\/gli_eventi\/calendario\/in-giro-per-siena-mostra-fotografica-in-occasione-del-giro-ditalia-2026-con-partenza-dall-bulgaria\/\">\n                                    <span class=\"text\">Leggi di pi\u00f9<\/span>\n                                    <svg class=\"icon\">\n                                    <use xlink:href=\"https:\/\/iicsofia.esteri.it\/wp-content\/themes\/sedi-tema\/assets\/svg\/sprites.svg#it-arrow-right\"><\/use>\n                                    <\/svg>\n                                <\/a>\n                                                        <\/div>\n                                                    <\/div>\n                    <\/div>\n                <\/div>\n                <!--end card-->\n                <\/div><!-- col-12 .mt-3-->\n                            <div class=\"col-12 mt-3\">\n                <!--start card-->\n                <div class=\"card-wrapper card-space\">\n                    <div class=\"card card-bg card-big border-bottom-card\">\n                        <div class=\"card-body row\">\n                                                    <div class=\"col-sm-3\">\n                                <div class=\"img-responsive\">\n                                    <figure class=\"img-wrapper\">\n                                        <a href=\"https:\/\/iicsofia.esteri.it\/it\/gli_eventi\/calendario\/pedalando-verso-il-futuro-breve-storia-dellitalia-su-due-ruote-mostra-in-occasione-del-giro-ditalia-2026-con-partenza-dalla-bulgaria\/\" title=\"Leggi l'articolo: Mostra &#8220;Giro d\u2019Italia: breve storia dell\u2019Italia su due ruote&#8221; alla Galleria Nazionale di Sofia &#8211; Kvadrat 500\">\n                                                                                            <img loading=\"lazy\" decoding=\"async\" width=\"300\" height=\"300\" src=\"https:\/\/iicsofia.esteri.it\/wp-content\/uploads\/2026\/04\/immagine-collage-300x300.png\" srcset=\"https:\/\/iicsofia.esteri.it\/wp-content\/uploads\/2026\/04\/immagine-collage.png 500w, https:\/\/iicsofia.esteri.it\/wp-content\/uploads\/2026\/04\/immagine-collage-300x300.png 300w, https:\/\/iicsofia.esteri.it\/wp-content\/uploads\/2026\/04\/immagine-collage-150x150.png 150w\" sizes=\"auto, (max-width: 500px) 100vw, 500px\"  title=\"immagine collage\" alt=\"\" class=\"img-fluid\">\n                                                                                    <\/a>\n                                    <\/figure>\n                                <\/div>\n                            <\/div>\n                            <div class=\"col-sm-9\">\n                                                            <div class=\"category-top\">\n                                    <span class=\"fw-bold \"><\/span>                                                                        <span class=\"\">\n                                        <svg class=\"icon icon-secondary\">\n                                            <use xlink:href=\"https:\/\/iicsofia.esteri.it\/wp-content\/themes\/sedi-tema\/assets\/svg\/sprites.svg#it-calendar\"><\/use>\n                                        <\/svg> Mar 05 Mag 2026<svg class=\"icon icon-xs icon-secondary me-1 ms-1\"><use href=\"https:\/\/iicsofia.esteri.it\/wp-content\/themes\/sedi-tema\/assets\/svg\/sprites.svg#it-arrow-right\"><\/use><\/svg>Dom 05 Lug 2026                                    <\/span>\n                                                                    <\/div>\n                            <h5 class=\"card-title big-heading text-uppercase\"><a class=\"text-body text-decoration-none\" href=\"https:\/\/iicsofia.esteri.it\/it\/gli_eventi\/calendario\/pedalando-verso-il-futuro-breve-storia-dellitalia-su-due-ruote-mostra-in-occasione-del-giro-ditalia-2026-con-partenza-dalla-bulgaria\/\" title=\"Mostra &#8220;Giro d\u2019Italia: breve storia dell\u2019Italia su due ruote&#8221; alla Galleria Nazionale di Sofia &#8211; Kvadrat 500\">Mostra &#8220;Giro d\u2019Italia: breve storia dell\u2019Italia su due ruote&#8221; alla Galleria Nazionale di Sofia &#8211; Kvadrat 500<\/a><\/h5>\n                            <p class=\"card-text\">In occasione della partenza del Giro d\u2019Italia 2026 dalla Bulgaria \u2013 con prima tappa l\u20198 maggio a Nessebar, passando per Burgas, Veliko Tarnovo e Plovdiv, fino all\u2019arrivo a Sofia il 10 maggio \u2013 il Ministero degli Affari Esteri e della Cooperazione Internazionale italiano, l\u2019Ambasciata d\u2019Italia in Bulgaria e l\u2019Istituto Italiano di Cultura di Sofia presentano [&hellip;]<\/p>\n                                <a title=\"Mostra &#8220;Giro d\u2019Italia: breve storia dell\u2019Italia su due ruote&#8221; alla Galleria Nazionale di Sofia &#8211; Kvadrat 500\" class=\"read-more\" href=\"https:\/\/iicsofia.esteri.it\/it\/gli_eventi\/calendario\/pedalando-verso-il-futuro-breve-storia-dellitalia-su-due-ruote-mostra-in-occasione-del-giro-ditalia-2026-con-partenza-dalla-bulgaria\/\">\n                                    <span class=\"text\">Leggi di pi\u00f9<\/span>\n                                    <svg class=\"icon\">\n                                    <use xlink:href=\"https:\/\/iicsofia.esteri.it\/wp-content\/themes\/sedi-tema\/assets\/svg\/sprites.svg#it-arrow-right\"><\/use>\n                                    <\/svg>\n                                <\/a>\n                                                        <\/div>\n                                                    <\/div>\n                    <\/div>\n                <\/div>\n                <!--end card-->\n                <\/div><!-- col-12 .mt-3-->\n                            <div class=\"col-12 mt-3\">\n                <!--start card-->\n                <div class=\"card-wrapper card-space\">\n                    <div class=\"card card-bg card-big border-bottom-card\">\n                        <div class=\"card-body row\">\n                                                    <div class=\"col-sm-3\">\n                                <div class=\"img-responsive\">\n                                    <figure class=\"img-wrapper\">\n                                        <a href=\"https:\/\/iicsofia.esteri.it\/it\/gli_eventi\/calendario\/in-occasione-della-partenza-del-giro-ditalia-dalla-bulgaria-il-duo-maggiolini-zhuri-al-museo-etnografico-regionale-di-plovdiv\/\" title=\"Leggi l'articolo: Il flauto all&#8217;Opera\">\n                                                                                            <img loading=\"lazy\" decoding=\"async\" width=\"300\" height=\"218\" src=\"https:\/\/iicsofia.esteri.it\/wp-content\/uploads\/2026\/04\/rosegue-la-sua-formazione-in-Svizzera-con-la-Prof.ssa-Nora-Doallo-conseguendo-il-Master-in-Music-Pedagogy-e-il-Master-in-Music-Performance.-Vincitrice-di-numerosi-concorsi-nazionali-e-internazion-300x218.png\" srcset=\"https:\/\/iicsofia.esteri.it\/wp-content\/uploads\/2026\/04\/rosegue-la-sua-formazione-in-Svizzera-con-la-Prof.ssa-Nora-Doallo-conseguendo-il-Master-in-Music-Pedagogy-e-il-Master-in-Music-Performance.-Vincitrice-di-numerosi-concorsi-nazionali-e-internazion.png 500w, https:\/\/iicsofia.esteri.it\/wp-content\/uploads\/2026\/04\/rosegue-la-sua-formazione-in-Svizzera-con-la-Prof.ssa-Nora-Doallo-conseguendo-il-Master-in-Music-Pedagogy-e-il-Master-in-Music-Performance.-Vincitrice-di-numerosi-concorsi-nazionali-e-internazion-300x218.png 300w\" sizes=\"auto, (max-width: 500px) 100vw, 500px\"  title=\"rosegue la sua formazione in Svizzera con la Prof.ssa Nora Doallo, conseguendo il Master in Music Pedagogy e il Master in Music Performance. Vincitrice di numerosi concorsi nazionali e internazion\" alt=\"\" class=\"img-fluid\">\n                                                                                    <\/a>\n                                    <\/figure>\n                                <\/div>\n                            <\/div>\n                            <div class=\"col-sm-9\">\n                                                            <div class=\"category-top\">\n                                    <span class=\"fw-bold \"><\/span>                                                                        <span class=\"\">\n                                        <svg class=\"icon icon-secondary\">\n                                            <use xlink:href=\"https:\/\/iicsofia.esteri.it\/wp-content\/themes\/sedi-tema\/assets\/svg\/sprites.svg#it-calendar\"><\/use>\n                                        <\/svg> Ven 08 Mag 2026                                    <\/span>\n                                                                    <\/div>\n                            <h5 class=\"card-title big-heading text-uppercase\"><a class=\"text-body text-decoration-none\" href=\"https:\/\/iicsofia.esteri.it\/it\/gli_eventi\/calendario\/in-occasione-della-partenza-del-giro-ditalia-dalla-bulgaria-il-duo-maggiolini-zhuri-al-museo-etnografico-regionale-di-plovdiv\/\" title=\"Il flauto all&#8217;Opera\">Il flauto all&#8217;Opera<\/a><\/h5>\n                            <p class=\"card-text\">Per celebrare la straordinaria partenza del Giro d\u2019Italia 2026 dalla Bulgaria, il Duo Maggiolini\u2013Zuhri propone un raffinato concerto per flauto e pianoforte, ospitato nella suggestiva cornice del Museo Etnografico Regionale di Plovdiv. L\u2019evento rappresenta un\u2019occasione unica per ascoltare due musicisti di spicco della scena cameristica contemporanea. Tommaso Maria Maggiolini \u00e8 un flautista milanese che si [&hellip;]<\/p>\n                                <a title=\"Il flauto all&#8217;Opera\" class=\"read-more\" href=\"https:\/\/iicsofia.esteri.it\/it\/gli_eventi\/calendario\/in-occasione-della-partenza-del-giro-ditalia-dalla-bulgaria-il-duo-maggiolini-zhuri-al-museo-etnografico-regionale-di-plovdiv\/\">\n                                    <span class=\"text\">Leggi di pi\u00f9<\/span>\n                                    <svg class=\"icon\">\n                                    <use xlink:href=\"https:\/\/iicsofia.esteri.it\/wp-content\/themes\/sedi-tema\/assets\/svg\/sprites.svg#it-arrow-right\"><\/use>\n                                    <\/svg>\n                                <\/a>\n                                                        <\/div>\n                                                    <\/div>\n                    <\/div>\n                <\/div>\n                <!--end card-->\n                <\/div><!-- col-12 .mt-3-->\n                            <div class=\"col-12 mt-3\">\n                <!--start card-->\n                <div class=\"card-wrapper card-space\">\n                    <div class=\"card card-bg card-big border-bottom-card\">\n                        <div class=\"card-body row\">\n                                                    <div class=\"col-sm-3\">\n                                <div class=\"img-responsive\">\n                                    <figure class=\"img-wrapper\">\n                                        <a href=\"https:\/\/iicsofia.esteri.it\/it\/gli_eventi\/calendario\/art4diplomacy-our-home-europe-area-science-park-di-trieste-e-laboratori-nazionali-del-gran-sasso\/\" title=\"Leggi l'articolo: Art4Diplomacy &#8211; Our Home Europe: Area Science Park di Trieste e Laboratori Nazionali del Gran Sasso.\">\n                                                                                            <img loading=\"lazy\" decoding=\"async\" width=\"300\" height=\"300\" src=\"https:\/\/iicsofia.esteri.it\/wp-content\/uploads\/2026\/04\/IMMAGINE-SITO-300x300.png\" srcset=\"https:\/\/iicsofia.esteri.it\/wp-content\/uploads\/2026\/04\/IMMAGINE-SITO.png 500w, https:\/\/iicsofia.esteri.it\/wp-content\/uploads\/2026\/04\/IMMAGINE-SITO-300x300.png 300w, https:\/\/iicsofia.esteri.it\/wp-content\/uploads\/2026\/04\/IMMAGINE-SITO-150x150.png 150w\" sizes=\"auto, (max-width: 500px) 100vw, 500px\"  title=\"IMMAGINE SITO\" alt=\"\" class=\"img-fluid\">\n                                                                                    <\/a>\n                                    <\/figure>\n                                <\/div>\n                            <\/div>\n                            <div class=\"col-sm-9\">\n                                                            <div class=\"category-top\">\n                                    <span class=\"fw-bold \"><\/span>                                                                        <span class=\"\">\n                                        <svg class=\"icon icon-secondary\">\n                                            <use xlink:href=\"https:\/\/iicsofia.esteri.it\/wp-content\/themes\/sedi-tema\/assets\/svg\/sprites.svg#it-calendar\"><\/use>\n                                        <\/svg> Sab 09 Mag 2026                                    <\/span>\n                                                                    <\/div>\n                            <h5 class=\"card-title big-heading text-uppercase\"><a class=\"text-body text-decoration-none\" href=\"https:\/\/iicsofia.esteri.it\/it\/gli_eventi\/calendario\/art4diplomacy-our-home-europe-area-science-park-di-trieste-e-laboratori-nazionali-del-gran-sasso\/\" title=\"Art4Diplomacy &#8211; Our Home Europe: Area Science Park di Trieste e Laboratori Nazionali del Gran Sasso.\">Art4Diplomacy &#8211; Our Home Europe: Area Science Park di Trieste e Laboratori Nazionali del Gran Sasso.<\/a><\/h5>\n                            <p class=\"card-text\">In occasione della Giornata dell\u2019Europa, il 9 maggio 2026, l\u2019Italia partecipa all\u2019iniziativa \u2018Art4Diplomacy: Our Home Europe\u2019, che si svolge presso la Biblioteca Nazionale San Cirillo e Metodio di Sofia. Il progetto prevede la presentazione di pannelli informativi che raccontano la storia, la cultura, le conoscenze, i risultati e le prospettive dei popoli europei, attraverso una [&hellip;]<\/p>\n                                <a title=\"Art4Diplomacy &#8211; Our Home Europe: Area Science Park di Trieste e Laboratori Nazionali del Gran Sasso.\" class=\"read-more\" href=\"https:\/\/iicsofia.esteri.it\/it\/gli_eventi\/calendario\/art4diplomacy-our-home-europe-area-science-park-di-trieste-e-laboratori-nazionali-del-gran-sasso\/\">\n                                    <span class=\"text\">Leggi di pi\u00f9<\/span>\n                                    <svg class=\"icon\">\n                                    <use xlink:href=\"https:\/\/iicsofia.esteri.it\/wp-content\/themes\/sedi-tema\/assets\/svg\/sprites.svg#it-arrow-right\"><\/use>\n                                    <\/svg>\n                                <\/a>\n                                                        <\/div>\n                                                    <\/div>\n                    <\/div>\n                <\/div>\n                <!--end card-->\n                <\/div><!-- col-12 .mt-3-->\n                            <div class=\"col-12 mt-3\">\n                <!--start card-->\n                <div class=\"card-wrapper card-space\">\n                    <div class=\"card card-bg card-big border-bottom-card\">\n                        <div class=\"card-body row\">\n                                                    <div class=\"col-sm-3\">\n                                <div class=\"img-responsive\">\n                                    <figure class=\"img-wrapper\">\n                                        <a href=\"https:\/\/iicsofia.esteri.it\/it\/gli_eventi\/calendario\/concerto-di-arie-dopera-di-angela-papale-e-fabio-marra\/\" title=\"Leggi l'articolo: Concerto di arie d\u2019opera di Angela Papale e Fabio Marra\">\n                                                                                            <img loading=\"lazy\" decoding=\"async\" width=\"209\" height=\"300\" src=\"https:\/\/iicsofia.esteri.it\/wp-content\/uploads\/2026\/02\/2-209x300.png\" srcset=\"https:\/\/iicsofia.esteri.it\/wp-content\/uploads\/2026\/02\/2.png 349w, https:\/\/iicsofia.esteri.it\/wp-content\/uploads\/2026\/02\/2-209x300.png 209w\" sizes=\"auto, (max-width: 349px) 100vw, 349px\"  title=\"2\" alt=\"\" class=\"img-fluid\">\n                                                                                    <\/a>\n                                    <\/figure>\n                                <\/div>\n                            <\/div>\n                            <div class=\"col-sm-9\">\n                                                            <div class=\"category-top\">\n                                    <span class=\"fw-bold \"><\/span>                                                                        <span class=\"\">\n                                        <svg class=\"icon icon-secondary\">\n                                            <use xlink:href=\"https:\/\/iicsofia.esteri.it\/wp-content\/themes\/sedi-tema\/assets\/svg\/sprites.svg#it-calendar\"><\/use>\n                                        <\/svg> Sab 16 Mag 2026                                    <\/span>\n                                                                    <\/div>\n                            <h5 class=\"card-title big-heading text-uppercase\"><a class=\"text-body text-decoration-none\" href=\"https:\/\/iicsofia.esteri.it\/it\/gli_eventi\/calendario\/concerto-di-arie-dopera-di-angela-papale-e-fabio-marra\/\" title=\"Concerto di arie d\u2019opera di Angela Papale e Fabio Marra\">Concerto di arie d\u2019opera di Angela Papale e Fabio Marra<\/a><\/h5>\n                            <p class=\"card-text\">L\u2019Istituto Italiano di Cultura di Sofia, in collaborazione con il Comune di Ruse e l\u2019Associazione Re-Classical, presenta il 16 maggio 2026 un concerto di arie d\u2019opera con il soprano Angela Papale accompagnata dal pianista Fabio Marra, in una serata dedicata al grande repertorio lirico italiano. Il programma propone un viaggio nell\u2019et\u00e0 d\u2019oro del melodramma, rendendo [&hellip;]<\/p>\n                                <a title=\"Concerto di arie d\u2019opera di Angela Papale e Fabio Marra\" class=\"read-more\" href=\"https:\/\/iicsofia.esteri.it\/it\/gli_eventi\/calendario\/concerto-di-arie-dopera-di-angela-papale-e-fabio-marra\/\">\n                                    <span class=\"text\">Leggi di pi\u00f9<\/span>\n                                    <svg class=\"icon\">\n                                    <use xlink:href=\"https:\/\/iicsofia.esteri.it\/wp-content\/themes\/sedi-tema\/assets\/svg\/sprites.svg#it-arrow-right\"><\/use>\n                                    <\/svg>\n                                <\/a>\n                                                        <\/div>\n                                                    <\/div>\n                    <\/div>\n                <\/div>\n                <!--end card-->\n                <\/div><!-- col-12 .mt-3-->\n                            <div class=\"col-12 mt-3\">\n                <!--start card-->\n                <div class=\"card-wrapper card-space\">\n                    <div class=\"card card-bg card-big border-bottom-card\">\n                        <div class=\"card-body row\">\n                                                    <div class=\"col-sm-3\">\n                                <div class=\"img-responsive\">\n                                    <figure class=\"img-wrapper\">\n                                        <a href=\"https:\/\/iicsofia.esteri.it\/it\/gli_eventi\/calendario\/litalia-alla-xvi-edizione-del-festival-della-scienza-di-sofia-con-il-dott-stefano-cozzini\/\" title=\"Leggi l'articolo: L\u2019Italia alla XVI edizione del Festival della Scienza di Sofia con il Dott. Stefano Cozzini\">\n                                                                                            <img loading=\"lazy\" decoding=\"async\" width=\"241\" height=\"300\" src=\"https:\/\/iicsofia.esteri.it\/wp-content\/uploads\/2026\/03\/\u041d\u0435\u043e\u0437\u0430\u0433\u043b\u0430\u0432\u0435\u043d-\u0434\u0438\u0437\u0430\u0439\u043d-7-241x300.png\" srcset=\"https:\/\/iicsofia.esteri.it\/wp-content\/uploads\/2026\/03\/\u041d\u0435\u043e\u0437\u0430\u0433\u043b\u0430\u0432\u0435\u043d-\u0434\u0438\u0437\u0430\u0439\u043d-7.png 401w, https:\/\/iicsofia.esteri.it\/wp-content\/uploads\/2026\/03\/\u041d\u0435\u043e\u0437\u0430\u0433\u043b\u0430\u0432\u0435\u043d-\u0434\u0438\u0437\u0430\u0439\u043d-7-241x300.png 241w\" sizes=\"auto, (max-width: 401px) 100vw, 401px\"  title=\"\u041d\u0435\u043e\u0437\u0430\u0433\u043b\u0430\u0432\u0435\u043d \u0434\u0438\u0437\u0430\u0439\u043d\" alt=\"\" class=\"img-fluid\">\n                                                                                    <\/a>\n                                    <\/figure>\n                                <\/div>\n                            <\/div>\n                            <div class=\"col-sm-9\">\n                                                            <div class=\"category-top\">\n                                    <span class=\"fw-bold \"><\/span>                                                                        <span class=\"\">\n                                        <svg class=\"icon icon-secondary\">\n                                            <use xlink:href=\"https:\/\/iicsofia.esteri.it\/wp-content\/themes\/sedi-tema\/assets\/svg\/sprites.svg#it-calendar\"><\/use>\n                                        <\/svg> Sab 16 Mag 2026<svg class=\"icon icon-xs icon-secondary me-1 ms-1\"><use href=\"https:\/\/iicsofia.esteri.it\/wp-content\/themes\/sedi-tema\/assets\/svg\/sprites.svg#it-arrow-right\"><\/use><\/svg>Sab 16 Mag 2026                                    <\/span>\n                                                                    <\/div>\n                            <h5 class=\"card-title big-heading text-uppercase\"><a class=\"text-body text-decoration-none\" href=\"https:\/\/iicsofia.esteri.it\/it\/gli_eventi\/calendario\/litalia-alla-xvi-edizione-del-festival-della-scienza-di-sofia-con-il-dott-stefano-cozzini\/\" title=\"L\u2019Italia alla XVI edizione del Festival della Scienza di Sofia con il Dott. Stefano Cozzini\">L\u2019Italia alla XVI edizione del Festival della Scienza di Sofia con il Dott. Stefano Cozzini<\/a><\/h5>\n                            <p class=\"card-text\">In occasione della IX edizione della Giornata della ricerca italiana nel mondo, l&#8217;Italia partecipa alla XVI\u00a0edizione del Festival della Scienza di Sofia, in programma dal 14 al 17 maggio 2026, con lo speciale contributo del Dott. Stefano Cozzini, Direttore dell\u2019Istituto di Ricerca per l\u2019Innovazione Tecnologica dell\u2019Ente Nazionale di Ricerca Area Science Park di Trieste, con [&hellip;]<\/p>\n                                <a title=\"L\u2019Italia alla XVI edizione del Festival della Scienza di Sofia con il Dott. Stefano Cozzini\" class=\"read-more\" href=\"https:\/\/iicsofia.esteri.it\/it\/gli_eventi\/calendario\/litalia-alla-xvi-edizione-del-festival-della-scienza-di-sofia-con-il-dott-stefano-cozzini\/\">\n                                    <span class=\"text\">Leggi di pi\u00f9<\/span>\n                                    <svg class=\"icon\">\n                                    <use xlink:href=\"https:\/\/iicsofia.esteri.it\/wp-content\/themes\/sedi-tema\/assets\/svg\/sprites.svg#it-arrow-right\"><\/use>\n                                    <\/svg>\n                                <\/a>\n                                                        <\/div>\n                                                    <\/div>\n                    <\/div>\n                <\/div>\n                <!--end card-->\n                <\/div><!-- col-12 .mt-3-->\n                            <div class=\"col-12 mt-3\">\n                <!--start card-->\n                <div class=\"card-wrapper card-space\">\n                    <div class=\"card card-bg card-big border-bottom-card\">\n                        <div class=\"card-body row\">\n                                                    <div class=\"col-sm-3\">\n                                <div class=\"img-responsive\">\n                                    <figure class=\"img-wrapper\">\n                                        <a href=\"https:\/\/iicsofia.esteri.it\/it\/gli_eventi\/calendario\/mostra-di-illustrazioni-grafiche-pinocchio-e-altre-fantasie-200-anni-della-nascita-di-carlo-collodi-2\/\" title=\"Leggi l'articolo: Mostra di illustrazioni grafiche \u201cPinocchio e altre fantasie\u201d \u2013 200 anni della nascita di Carlo Collodi\">\n                                                                                            <img loading=\"lazy\" decoding=\"async\" width=\"209\" height=\"300\" src=\"https:\/\/iicsofia.esteri.it\/wp-content\/uploads\/2026\/03\/\u041d\u0435\u043e\u0437\u0430\u0433\u043b\u0430\u0432\u0435\u043d-\u0434\u0438\u0437\u0430\u0439\u043d-3-209x300.png\" srcset=\"https:\/\/iicsofia.esteri.it\/wp-content\/uploads\/2026\/03\/\u041d\u0435\u043e\u0437\u0430\u0433\u043b\u0430\u0432\u0435\u043d-\u0434\u0438\u0437\u0430\u0439\u043d-3.png 349w, https:\/\/iicsofia.esteri.it\/wp-content\/uploads\/2026\/03\/\u041d\u0435\u043e\u0437\u0430\u0433\u043b\u0430\u0432\u0435\u043d-\u0434\u0438\u0437\u0430\u0439\u043d-3-209x300.png 209w\" sizes=\"auto, (max-width: 349px) 100vw, 349px\"  title=\"\u041d\u0435\u043e\u0437\u0430\u0433\u043b\u0430\u0432\u0435\u043d \u0434\u0438\u0437\u0430\u0439\u043d (3)\" alt=\"\" class=\"img-fluid\">\n                                                                                    <\/a>\n                                    <\/figure>\n                                <\/div>\n                            <\/div>\n                            <div class=\"col-sm-9\">\n                                                            <div class=\"category-top\">\n                                    <span class=\"fw-bold \"><\/span>                                                                        <span class=\"\">\n                                        <svg class=\"icon icon-secondary\">\n                                            <use xlink:href=\"https:\/\/iicsofia.esteri.it\/wp-content\/themes\/sedi-tema\/assets\/svg\/sprites.svg#it-calendar\"><\/use>\n                                        <\/svg> Mar 19 Mag 2026<svg class=\"icon icon-xs icon-secondary me-1 ms-1\"><use href=\"https:\/\/iicsofia.esteri.it\/wp-content\/themes\/sedi-tema\/assets\/svg\/sprites.svg#it-arrow-right\"><\/use><\/svg>Mer 10 Giu 2026                                    <\/span>\n                                                                    <\/div>\n                            <h5 class=\"card-title big-heading text-uppercase\"><a class=\"text-body text-decoration-none\" href=\"https:\/\/iicsofia.esteri.it\/it\/gli_eventi\/calendario\/mostra-di-illustrazioni-grafiche-pinocchio-e-altre-fantasie-200-anni-della-nascita-di-carlo-collodi-2\/\" title=\"Mostra di illustrazioni grafiche \u201cPinocchio e altre fantasie\u201d \u2013 200 anni della nascita di Carlo Collodi\">Mostra di illustrazioni grafiche \u201cPinocchio e altre fantasie\u201d \u2013 200 anni della nascita di Carlo Collodi<\/a><\/h5>\n                            <p class=\"card-text\">La mostra \u201cPinocchio e altre fantasie\u201d, organizzata dall\u2019IIC Sofia in collaborazione con il Consolato Onorario d\u2019Italia a Plovdiv, \u00e8 ospite presso la Biblioteca Regionale di Varna \u201cPencho Slaveykov\u201d. I visitatori potranno immergersi nella magia dell\u2019illustrazione italiana ispirata a Pinocchio. Al centro della rassegna ci sono 21 illustrazioni grafiche dell\u2019artista italiano Francesco De Francesco, ispirate al [&hellip;]<\/p>\n                                <a title=\"Mostra di illustrazioni grafiche \u201cPinocchio e altre fantasie\u201d \u2013 200 anni della nascita di Carlo Collodi\" class=\"read-more\" href=\"https:\/\/iicsofia.esteri.it\/it\/gli_eventi\/calendario\/mostra-di-illustrazioni-grafiche-pinocchio-e-altre-fantasie-200-anni-della-nascita-di-carlo-collodi-2\/\">\n                                    <span class=\"text\">Leggi di pi\u00f9<\/span>\n                                    <svg class=\"icon\">\n                                    <use xlink:href=\"https:\/\/iicsofia.esteri.it\/wp-content\/themes\/sedi-tema\/assets\/svg\/sprites.svg#it-arrow-right\"><\/use>\n                                    <\/svg>\n                                <\/a>\n                                                        <\/div>\n                                                    <\/div>\n                    <\/div>\n                <\/div>\n                <!--end card-->\n                <\/div><!-- col-12 .mt-3-->\n                            <div class=\"col-12 mt-3\">\n                <!--start card-->\n                <div class=\"card-wrapper card-space\">\n                    <div class=\"card card-bg card-big border-bottom-card\">\n                        <div class=\"card-body row\">\n                                                    <div class=\"col-sm-3\">\n                                <div class=\"img-responsive\">\n                                    <figure class=\"img-wrapper\">\n                                        <a href=\"https:\/\/iicsofia.esteri.it\/it\/gli_eventi\/calendario\/design-for-all-il-design-come-processo-culturale-valore-accessibilita-e-innovazione\/\" title=\"Leggi l'articolo: Design for all &#8211; Il design come processo culturale: valore, accessibilit\u00e0 e innovazione\">\n                                                                                            <img loading=\"lazy\" decoding=\"async\" width=\"300\" height=\"300\" src=\"https:\/\/iicsofia.esteri.it\/wp-content\/uploads\/2026\/03\/Nuova-immagine-bitmap.bmp\" srcset=\"\" sizes=\"auto, (max-width: 1125px) 100vw, 1125px\"  title=\"Nuova immagine bitmap\" alt=\"\" class=\"img-fluid\">\n                                                                                    <\/a>\n                                    <\/figure>\n                                <\/div>\n                            <\/div>\n                            <div class=\"col-sm-9\">\n                                                            <div class=\"category-top\">\n                                    <span class=\"fw-bold \"><\/span>                                                                        <span class=\"\">\n                                        <svg class=\"icon icon-secondary\">\n                                            <use xlink:href=\"https:\/\/iicsofia.esteri.it\/wp-content\/themes\/sedi-tema\/assets\/svg\/sprites.svg#it-calendar\"><\/use>\n                                        <\/svg> Gio 28 Mag 2026<svg class=\"icon icon-xs icon-secondary me-1 ms-1\"><use href=\"https:\/\/iicsofia.esteri.it\/wp-content\/themes\/sedi-tema\/assets\/svg\/sprites.svg#it-arrow-right\"><\/use><\/svg>Gio 28 Mag 2026                                    <\/span>\n                                                                    <\/div>\n                            <h5 class=\"card-title big-heading text-uppercase\"><a class=\"text-body text-decoration-none\" href=\"https:\/\/iicsofia.esteri.it\/it\/gli_eventi\/calendario\/design-for-all-il-design-come-processo-culturale-valore-accessibilita-e-innovazione\/\" title=\"Design for all &#8211; Il design come processo culturale: valore, accessibilit\u00e0 e innovazione\">Design for all &#8211; Il design come processo culturale: valore, accessibilit\u00e0 e innovazione<\/a><\/h5>\n                            <p class=\"card-text\">L\u2019Istituto Italiano di Cultura partecipa, in collaborazione con \u2018Design for All Bulgaria Foundation\u2019 a un\u2019iniziativa dedicata alla promozione del design come strumento di inclusione, innovazione e responsabilit\u00e0 sociale. Al centro del progetto vi \u00e8 una visione del design inteso non solo come disciplina estetica o progettuale, ma come processo culturale capace di generare valore per [&hellip;]<\/p>\n                                <a title=\"Design for all &#8211; Il design come processo culturale: valore, accessibilit\u00e0 e innovazione\" class=\"read-more\" href=\"https:\/\/iicsofia.esteri.it\/it\/gli_eventi\/calendario\/design-for-all-il-design-come-processo-culturale-valore-accessibilita-e-innovazione\/\">\n                                    <span class=\"text\">Leggi di pi\u00f9<\/span>\n                                    <svg class=\"icon\">\n                                    <use xlink:href=\"https:\/\/iicsofia.esteri.it\/wp-content\/themes\/sedi-tema\/assets\/svg\/sprites.svg#it-arrow-right\"><\/use>\n                                    <\/svg>\n                                <\/a>\n                                                        <\/div>\n                                                    <\/div>\n                    <\/div>\n                <\/div>\n                <!--end card-->\n                <\/div><!-- col-12 .mt-3-->\n                            <div class=\"col-12 mt-3\">\n                <!--start card-->\n                <div class=\"card-wrapper card-space\">\n                    <div class=\"card card-bg card-big border-bottom-card\">\n                        <div class=\"card-body row\">\n                                                    <div class=\"col-sm-3\">\n                                <div class=\"img-responsive\">\n                                    <figure class=\"img-wrapper\">\n                                        <a href=\"https:\/\/iicsofia.esteri.it\/it\/gli_eventi\/calendario\/corso-di-aggiornamento-per-docenti-di-italiano\/\" title=\"Leggi l'articolo: Corso di aggiornamento per docenti di italiano\">\n                                                                                            <img loading=\"lazy\" decoding=\"async\" width=\"300\" height=\"212\" src=\"https:\/\/iicsofia.esteri.it\/wp-content\/uploads\/2026\/04\/Per-sito--300x212.jpg\" srcset=\"https:\/\/iicsofia.esteri.it\/wp-content\/uploads\/2026\/04\/Per-sito-.jpg 1920w, https:\/\/iicsofia.esteri.it\/wp-content\/uploads\/2026\/04\/Per-sito--300x212.jpg 300w, https:\/\/iicsofia.esteri.it\/wp-content\/uploads\/2026\/04\/Per-sito--1024x724.jpg 1024w, https:\/\/iicsofia.esteri.it\/wp-content\/uploads\/2026\/04\/Per-sito--768x543.jpg 768w\" sizes=\"auto, (max-width: 1920px) 100vw, 1920px\"  title=\"Per sito\" alt=\"\" class=\"img-fluid\">\n                                                                                    <\/a>\n                                    <\/figure>\n                                <\/div>\n                            <\/div>\n                            <div class=\"col-sm-9\">\n                                                            <div class=\"category-top\">\n                                    <span class=\"fw-bold \"><\/span>                                                                        <span class=\"\">\n                                        <svg class=\"icon icon-secondary\">\n                                            <use xlink:href=\"https:\/\/iicsofia.esteri.it\/wp-content\/themes\/sedi-tema\/assets\/svg\/sprites.svg#it-calendar\"><\/use>\n                                        <\/svg> Sab 13 Giu 2026<svg class=\"icon icon-xs icon-secondary me-1 ms-1\"><use href=\"https:\/\/iicsofia.esteri.it\/wp-content\/themes\/sedi-tema\/assets\/svg\/sprites.svg#it-arrow-right\"><\/use><\/svg>Dom 14 Giu 2026                                    <\/span>\n                                                                    <\/div>\n                            <h5 class=\"card-title big-heading text-uppercase\"><a class=\"text-body text-decoration-none\" href=\"https:\/\/iicsofia.esteri.it\/it\/gli_eventi\/calendario\/corso-di-aggiornamento-per-docenti-di-italiano\/\" title=\"Corso di aggiornamento per docenti di italiano\">Corso di aggiornamento per docenti di italiano<\/a><\/h5>\n                            <p class=\"card-text\">L&#8217;Istituto Italiano di Cultura e Alma Edizioni, in collaborazione con l\u2019Universit\u00e0 di Sofia \u201cSt. Kliment Ohridski\u201d, organizzano il consueto corso di aggiornamento per docenti di italiano. Il tema del corso sar\u00e0\u00a0&#8220;Strategie didattiche e tecniche innovative per migliorare l\u2019insegnamento e l\u2019apprendimento della lingua italiana&#8221;. Relatori saranno Giorgio Massei e Borb\u00e1la Samu. Giorgio Massei \u00e8 il direttore [&hellip;]<\/p>\n                                <a title=\"Corso di aggiornamento per docenti di italiano\" class=\"read-more\" href=\"https:\/\/iicsofia.esteri.it\/it\/gli_eventi\/calendario\/corso-di-aggiornamento-per-docenti-di-italiano\/\">\n                                    <span class=\"text\">Leggi di pi\u00f9<\/span>\n                                    <svg class=\"icon\">\n                                    <use xlink:href=\"https:\/\/iicsofia.esteri.it\/wp-content\/themes\/sedi-tema\/assets\/svg\/sprites.svg#it-arrow-right\"><\/use>\n                                    <\/svg>\n                                <\/a>\n                                                        <\/div>\n                                                    <\/div>\n                    <\/div>\n                <\/div>\n                <!--end card-->\n                <\/div><!-- col-12 .mt-3-->\n            \n            <div class=\"col-md-12 mt-4 pb-4\">\n                <nav class=\"navigation col-md-12\" aria-label=\"Navigation\">\n                    <h2 class=\"screen-reader-text visually-hidden\">Paginazione<\/h2>\n                    <div class=\"nav-links\">\n                    <span aria-current=\"page\" class=\"page-numbers current\">1<\/span>\n<a class=\"page-numbers\" href=\"https:\/\/iicsofia.esteri.it\/it\/wp-json\/wp\/v2\/pages\/35\/?pag=2\">2<\/a>\n<a class=\"next page-numbers\" href=\"https:\/\/iicsofia.esteri.it\/it\/wp-json\/wp\/v2\/pages\/35\/?pag=2\"><svg class=\"icon icon-primary\"><use xlink:href=\"https:\/\/iicsofia.esteri.it\/wp-content\/themes\/sedi-tema\/assets\/svg\/sprites.svg#it-chevron-right\"><\/use><\/svg>\n                                    <span class=\"visually-hidden\">Pagina successiva<\/span><\/a>                    <\/div>\n                <\/nav>\n            <\/div>   <!--.col-md-12 -->\n              <\/div><!--.row -->\n              \n","protected":false},"excerpt":{"rendered":"","protected":false},"author":1,"featured_media":0,"parent":17,"menu_order":0,"comment_status":"closed","ping_status":"closed","template":"","meta":{"footnotes":""},"class_list":["post-35","page","type-page","status-publish","hentry"],"_links":{"self":[{"href":"https:\/\/iicsofia.esteri.it\/it\/wp-json\/wp\/v2\/pages\/35","targetHints":{"allow":["GET"]}}],"collection":[{"href":"https:\/\/iicsofia.esteri.it\/it\/wp-json\/wp\/v2\/pages"}],"about":[{"href":"https:\/\/iicsofia.esteri.it\/it\/wp-json\/wp\/v2\/types\/page"}],"author":[{"embeddable":true,"href":"https:\/\/iicsofia.esteri.it\/it\/wp-json\/wp\/v2\/users\/1"}],"replies":[{"embeddable":true,"href":"https:\/\/iicsofia.esteri.it\/it\/wp-json\/wp\/v2\/comments?post=35"}],"version-history":[{"count":2,"href":"https:\/\/iicsofia.esteri.it\/it\/wp-json\/wp\/v2\/pages\/35\/revisions"}],"predecessor-version":[{"id":6110,"href":"https:\/\/iicsofia.esteri.it\/it\/wp-json\/wp\/v2\/pages\/35\/revisions\/6110"}],"up":[{"embeddable":true,"href":"https:\/\/iicsofia.esteri.it\/it\/wp-json\/wp\/v2\/pages\/17"}],"wp:attachment":[{"href":"https:\/\/iicsofia.esteri.it\/it\/wp-json\/wp\/v2\/media?parent=35"}],"curies":[{"name":"wp","href":"https:\/\/api.w.org\/{rel}","templated":true}]}}